{"id":302,"date":"2025-11-04T11:21:44","date_gmt":"2025-11-04T09:21:44","guid":{"rendered":"https:\/\/scentandsoul.fi\/?page_id=302"},"modified":"2026-03-09T09:28:43","modified_gmt":"2026-03-09T07:28:43","slug":"scent-stories","status":"publish","type":"page","link":"https:\/\/scentandsoul.fi\/?page_id=302","title":{"rendered":"Scent Stories"},"content":{"rendered":"\n<div class=\"wp-block-group alignfull is-style-section-5 has-global-padding is-layout-constrained wp-block-group-is-layout-constrained is-style-section-5--1\" style=\"margin-top:0;margin-bottom:0;padding-top:var(--wp--preset--spacing--60);padding-bottom:var(--wp--preset--spacing--60)\">\n<div class=\"wp-block-columns alignwide is-layout-flex wp-container-core-columns-is-layout-643ced6b wp-block-columns-is-layout-flex\">\n<div class=\"wp-block-column is-layout-flow wp-block-column-is-layout-flow\" style=\"flex-basis:40%\">\n<figure class=\"wp-block-image size-full is-style-rounded\"><img loading=\"lazy\" decoding=\"async\" width=\"1772\" height=\"1772\" src=\"https:\/\/scentandsoul.fi\/wp-content\/uploads\/2025\/11\/scent-and-soul_insta-10.jpg\" alt=\"\" class=\"wp-image-386\" style=\"aspect-ratio:1;object-fit:cover\" srcset=\"https:\/\/scentandsoul.fi\/wp-content\/uploads\/2025\/11\/scent-and-soul_insta-10.jpg 1772w, https:\/\/scentandsoul.fi\/wp-content\/uploads\/2025\/11\/scent-and-soul_insta-10-300x300.jpg 300w, https:\/\/scentandsoul.fi\/wp-content\/uploads\/2025\/11\/scent-and-soul_insta-10-1024x1024.jpg 1024w, https:\/\/scentandsoul.fi\/wp-content\/uploads\/2025\/11\/scent-and-soul_insta-10-150x150.jpg 150w, https:\/\/scentandsoul.fi\/wp-content\/uploads\/2025\/11\/scent-and-soul_insta-10-768x768.jpg 768w, https:\/\/scentandsoul.fi\/wp-content\/uploads\/2025\/11\/scent-and-soul_insta-10-1536x1536.jpg 1536w\" sizes=\"auto, (max-width: 1772px) 100vw, 1772px\" \/><\/figure>\n<\/div>\n\n\n\n<div class=\"wp-block-column is-vertically-aligned-center is-layout-flow wp-container-core-column-is-layout-119bc444 wp-block-column-is-layout-flow\" style=\"flex-basis:60%\">\n<h2 class=\"wp-block-heading has-x-large-font-size\">Kohtaa ihmiset ja tarinat tuoksujen takana<\/h2>\n\n\n\n<p class=\"has-large-font-size\">Tervetuloa kuuntelemaan br\u00e4ndiesittelyj\u00e4 ja tuoksuvaikuttajien tarinoita. Haastattelijana Mariela Sarkima.<\/p>\n\n\n\n<p>Scent Stories vie pintaa syvemm\u00e4lle tuoksuihin ja tarinoihin niiden takana.<\/p>\n\n\n\n<hr class=\"wp-block-separator has-alpha-channel-opacity\"\/>\n\n\n\n<h2 class=\"wp-block-heading has-x-large-font-size\">Meet the people and stories behind the scents<\/h2>\n\n\n\n<p>Welcome to listen to brand presentations and the stories of fragrance influencers, interviewed by Mariale Sarkima.<\/p>\n\n\n\n<p>Scent Stories takes you deeper into fragrances and the narratives behind them.<\/p>\n<\/div>\n<\/div>\n<\/div>\n\n\n\n<div class=\"wp-block-group alignfull has-global-padding is-layout-constrained wp-block-group-is-layout-constrained\" style=\"margin-top:0;margin-bottom:0;padding-top:var(--wp--preset--spacing--50);padding-bottom:var(--wp--preset--spacing--50)\">\n<div class=\"wp-block-columns alignwide is-style-section-5 is-layout-flex wp-container-core-columns-is-layout-b6100464 wp-block-columns-is-layout-flex is-style-section-5--2\">\n<div class=\"wp-block-column is-vertically-aligned-center is-layout-flow wp-block-column-is-layout-flow\">\n<h2 class=\"wp-block-heading has-text-align-center has-xx-large-font-size\" style=\"margin-top:var(--wp--preset--spacing--20);margin-bottom:var(--wp--preset--spacing--20)\">Shamal Scent<\/h2>\n\n\n\n<p class=\"has-text-align-center is-style-default has-medium-font-size\" style=\"margin-right:var(--wp--preset--spacing--40);margin-left:var(--wp--preset--spacing--40)\">Tervetuloa kuulemaan Shamal Scent -br\u00e4ndiesittely.<\/p>\n\n\n\n<p class=\"has-text-align-center is-style-default has-medium-font-size\" style=\"margin-right:var(--wp--preset--spacing--40);margin-left:var(--wp--preset--spacing--40)\">&#8221;<em>Shamal sai alkunsa halusta tehd\u00e4 asiat eri tavalla. Meit\u00e4 yhdist\u00e4\u00e4 kiinnostus tuoksuihin, tarinoihin ja k\u00e4sity\u00f6h\u00f6n ja halusimme rakentaa br\u00e4ndin, joka tekee luksuksesta j\u00e4lleen henkil\u00f6kohtaisen ja inhimillisen. Shamal yhdist\u00e4\u00e4 suomalaisen k\u00e4sity\u00f6perinteen ja NAWA-maiden tuoksuperinteen, ja jokainen tuote syntyy Suomessa k\u00e4sin tehden, eettisesti ja harkitusti.<br><\/em><br><em>Tavoitteemme on vied\u00e4 suomalainen tuoksutaide maailmalle ja n\u00e4ytt\u00e4\u00e4, ett\u00e4 vastuullisuus, estetiikka ja aitous voivat kulkea k\u00e4si k\u00e4dess\u00e4.&#8221;<\/em><br><br>Klo 11.00<\/p>\n\n\n\n<p><\/p>\n<\/div>\n\n\n\n<div class=\"wp-block-column is-vertically-aligned-center is-layout-flow wp-block-column-is-layout-flow\">\n<figure class=\"wp-block-image size-full is-resized\"><img loading=\"lazy\" decoding=\"async\" width=\"1066\" height=\"1599\" src=\"https:\/\/scentandsoul.fi\/wp-content\/uploads\/2025\/10\/d5e54b9b-ef11-4b56-8dcf-dcfbf35388b9.jpeg\" alt=\"Shamal Scent -tuoksubr\u00e4ndin omistajat\" class=\"wp-image-295\" style=\"aspect-ratio:1;object-fit:cover;width:476px;height:auto\" srcset=\"https:\/\/scentandsoul.fi\/wp-content\/uploads\/2025\/10\/d5e54b9b-ef11-4b56-8dcf-dcfbf35388b9.jpeg 1066w, https:\/\/scentandsoul.fi\/wp-content\/uploads\/2025\/10\/d5e54b9b-ef11-4b56-8dcf-dcfbf35388b9-200x300.jpeg 200w, https:\/\/scentandsoul.fi\/wp-content\/uploads\/2025\/10\/d5e54b9b-ef11-4b56-8dcf-dcfbf35388b9-683x1024.jpeg 683w, https:\/\/scentandsoul.fi\/wp-content\/uploads\/2025\/10\/d5e54b9b-ef11-4b56-8dcf-dcfbf35388b9-768x1152.jpeg 768w, https:\/\/scentandsoul.fi\/wp-content\/uploads\/2025\/10\/d5e54b9b-ef11-4b56-8dcf-dcfbf35388b9-1024x1536.jpeg 1024w\" sizes=\"auto, (max-width: 1066px) 100vw, 1066px\" \/><\/figure>\n<\/div>\n<\/div>\n<\/div>\n\n\n\n<div class=\"wp-block-group alignfull has-global-padding is-layout-constrained wp-block-group-is-layout-constrained\" style=\"margin-top:0;margin-bottom:0;padding-top:var(--wp--preset--spacing--50);padding-bottom:var(--wp--preset--spacing--50)\">\n<div class=\"wp-block-columns alignwide is-style-section-5 is-layout-flex wp-container-core-columns-is-layout-fa584acd wp-block-columns-is-layout-flex is-style-section-5--3\">\n<div class=\"wp-block-column is-vertically-aligned-center is-layout-flow wp-block-column-is-layout-flow\">\n<h2 class=\"wp-block-heading has-text-align-center has-xx-large-font-size\" style=\"margin-top:var(--wp--preset--spacing--20);margin-bottom:var(--wp--preset--spacing--20)\">Nina Hellstr\u00f6m<\/h2>\n\n\n\n<p class=\"has-text-align-center is-style-default has-medium-font-size\" style=\"margin-right:var(--wp--preset--spacing--40);margin-left:var(--wp--preset--spacing--40)\">Monelle tuoksuharrastajalle tuttu vaikuttaja Nina Hellstr\u00f6m saapuu Scent &amp; Soul -tapahtumaan jakamaan tuoksukokemuksiaan.<br><br><em>&#8221;Kaikenlaiset tuoksut kiinnostivat jo ihan pikku lapsena ja parfyymit tulivat el\u00e4m\u00e4\u00e4n hyvin nuorena: ensimm\u00e4isen tuoksun sain 8-vuotiaana ja se oli Anais Anais. Viet\u00e4n joka p\u00e4iv\u00e4 tuoksujen parissa tuntikausia \u2013 t\u00e4m\u00e4 on oma hiljainen tuoksukuplani, mist\u00e4 saan energiaa. Tuoksuissa on valtavasti voimaa, mit\u00e4 pystyy hy\u00f6dynt\u00e4m\u00e4\u00e4n.&#8221;<\/em><\/p>\n\n\n\n<p class=\"has-text-align-center is-style-default has-medium-font-size\" style=\"margin-right:var(--wp--preset--spacing--40);margin-left:var(--wp--preset--spacing--40)\">Klo 12.30<\/p>\n<\/div>\n\n\n\n<div class=\"wp-block-column is-vertically-aligned-center is-layout-flow wp-block-column-is-layout-flow\">\n<figure class=\"wp-block-image size-full\"><img loading=\"lazy\" decoding=\"async\" width=\"480\" height=\"640\" src=\"https:\/\/scentandsoul.fi\/wp-content\/uploads\/2025\/10\/Nina-Hellstrom.jpg\" alt=\"Tuoksuvaikuttaja Nina Hellstr\u00f6m\" class=\"wp-image-280\" style=\"aspect-ratio:1;object-fit:cover\" srcset=\"https:\/\/scentandsoul.fi\/wp-content\/uploads\/2025\/10\/Nina-Hellstrom.jpg 480w, https:\/\/scentandsoul.fi\/wp-content\/uploads\/2025\/10\/Nina-Hellstrom-225x300.jpg 225w\" sizes=\"auto, (max-width: 480px) 100vw, 480px\" \/><\/figure>\n<\/div>\n<\/div>\n<\/div>\n\n\n\n<div class=\"wp-block-group alignfull has-global-padding is-layout-constrained wp-block-group-is-layout-constrained\" style=\"margin-top:0;margin-bottom:0;padding-top:var(--wp--preset--spacing--50);padding-bottom:var(--wp--preset--spacing--50)\">\n<div class=\"wp-block-columns alignwide is-style-section-5 is-layout-flex wp-container-core-columns-is-layout-b6100464 wp-block-columns-is-layout-flex is-style-section-5--4\">\n<div class=\"wp-block-column is-vertically-aligned-center is-layout-flow wp-block-column-is-layout-flow\">\n<h2 class=\"wp-block-heading has-text-align-center has-xx-large-font-size\" style=\"margin-top:var(--wp--preset--spacing--20);margin-bottom:var(--wp--preset--spacing--20)\">Pia Long<\/h2>\n\n\n\n<p class=\"has-text-align-center is-style-default has-medium-font-size\" style=\"margin-right:var(--wp--preset--spacing--40);margin-left:var(--wp--preset--spacing--40)\">Pia Long on Suomessa syntynyt ja Iso-Britanniassa asuva parfym\u00f6\u00f6ri, joka n\u00e4kee tuoksun viestinn\u00e4n muotona ja parfyymit pullotettuina tarinoina. H\u00e4nen kielenk\u00e4\u00e4nt\u00e4miseen ja kirjoittamiseen pohjautuva taustansa heijastuu my\u00f6s h\u00e4nen h\u00e4nen ty\u00f6h\u00f6ns\u00e4 \u2013 Pia yhdist\u00e4\u00e4 saumattomasti taidetta, muotoilua ja tiedett\u00e4 maagisen realismin hengess\u00e4 synnytt\u00e4en mielikuvituksellisia el\u00e4myksi\u00e4.<\/p>\n\n\n\n<p class=\"has-text-align-center is-style-default has-medium-font-size\" style=\"margin-right:var(--wp--preset--spacing--40);margin-left:var(--wp--preset--spacing--40)\">H\u00e4nen uransa tuoksujen parissa on kest\u00e4nyt nelj\u00e4 vuosikymment\u00e4, ja sin\u00e4 aikana h\u00e4n on luonut lukuisia parfyymeja ja tuoksuja eri tuotteisiin. H\u00e4n on International Society of Perfumer Creators -j\u00e4rjest\u00f6n ja British Society of Perfumers -yhdistyksen j\u00e4sen sek\u00e4 Institute of Art and Olfaction -instituutin my\u00f6nt\u00e4m\u00e4n Septimus Piesse Visionary<br>Award -palkinnon saaja.<br><br>Klo 14.00<\/p>\n\n\n\n<p class=\"has-text-align-center is-style-default has-medium-font-size\" style=\"margin-right:var(--wp--preset--spacing--40);margin-left:var(--wp--preset--spacing--40)\"><\/p>\n<\/div>\n\n\n\n<div class=\"wp-block-column is-vertically-aligned-center is-layout-flow wp-block-column-is-layout-flow\">\n<figure class=\"wp-block-image size-full is-resized\"><img loading=\"lazy\" decoding=\"async\" width=\"1178\" height=\"1570\" src=\"https:\/\/scentandsoul.fi\/wp-content\/uploads\/2025\/11\/PiaLong_kuva-1.jpeg\" alt=\"Parfyrm\u00f6\u00f6ri Pia Long\" class=\"wp-image-304\" style=\"aspect-ratio:1;object-fit:cover;width:476px;height:auto\" srcset=\"https:\/\/scentandsoul.fi\/wp-content\/uploads\/2025\/11\/PiaLong_kuva-1.jpeg 1178w, https:\/\/scentandsoul.fi\/wp-content\/uploads\/2025\/11\/PiaLong_kuva-1-225x300.jpeg 225w, https:\/\/scentandsoul.fi\/wp-content\/uploads\/2025\/11\/PiaLong_kuva-1-768x1024.jpeg 768w, https:\/\/scentandsoul.fi\/wp-content\/uploads\/2025\/11\/PiaLong_kuva-1-1152x1536.jpeg 1152w\" sizes=\"auto, (max-width: 1178px) 100vw, 1178px\" \/><\/figure>\n<\/div>\n<\/div>\n<\/div>\n\n\n\n<p class=\"has-small-font-size\"><strong>Ohjelmamuutokset ovat mahdollisia. \/ Changes to the program are possible.<\/strong><\/p>\n","protected":false},"excerpt":{"rendered":"<p>Kohtaa ihmiset ja tarinat tuoksujen takana Tervetuloa kuuntelemaan br\u00e4ndiesittelyj\u00e4 ja tuoksuvaikuttajien tarinoita. Haastattelijana Mariela Sarkima. Scent Stories vie pintaa syvemm\u00e4lle tuoksuihin ja tarinoihin niiden takana. Meet the people and stories behind the scents Welcome to listen to brand presentations and the stories of fragrance influencers, interviewed by Mariale Sarkima. Scent Stories takes you deeper into [&hellip;]<\/p>\n","protected":false},"author":2,"featured_media":0,"parent":0,"menu_order":0,"comment_status":"closed","ping_status":"closed","template":"","meta":{"iawp_total_views":299,"footnotes":""},"class_list":["post-302","page","type-page","status-publish","hentry"],"yoast_head":"<!-- This site is optimized with the Yoast SEO plugin v27.4 - https:\/\/yoast.com\/product\/yoast-seo-wordpress\/ -->\n<title>Scent Stories - Scent&amp;Soul 2026 \/ Lauantai - Saturday 21.3.2026<\/title>\n<meta name=\"description\" content=\"Tuoksuja ja tarinoita! Tervetuloa kuuntelemaan br\u00e4ndiesittelyj\u00e4 ja tuoksuvaikuttajien tarinoita sek\u00e4 tutustumaan vintage-tuoksukokoelmaan.\" \/>\n<meta name=\"robots\" content=\"index, follow, max-snippet:-1, max-image-preview:large, max-video-preview:-1\" \/>\n<link rel=\"canonical\" href=\"https:\/\/scentandsoul.fi\/?page_id=302\" \/>\n<meta property=\"og:locale\" content=\"fi_FI\" \/>\n<meta property=\"og:type\" content=\"article\" \/>\n<meta property=\"og:title\" content=\"Scent Stories - Scent&amp;Soul 2026 \/ Lauantai - Saturday 21.3.2026\" \/>\n<meta property=\"og:description\" content=\"Tuoksuja ja tarinoita! Tervetuloa kuuntelemaan br\u00e4ndiesittelyj\u00e4 ja tuoksuvaikuttajien tarinoita sek\u00e4 tutustumaan vintage-tuoksukokoelmaan.\" \/>\n<meta property=\"og:url\" content=\"https:\/\/scentandsoul.fi\/?page_id=302\" \/>\n<meta property=\"og:site_name\" content=\"Scent&amp;Soul 2026 \/ Lauantai - Saturday 21.3.2026\" \/>\n<meta property=\"article:modified_time\" content=\"2026-03-09T07:28:43+00:00\" \/>\n<meta property=\"og:image\" content=\"https:\/\/scentandsoul.fi\/wp-content\/uploads\/2025\/11\/scent-and-soul_insta-10.jpg\" \/>\n\t<meta property=\"og:image:width\" content=\"1772\" \/>\n\t<meta property=\"og:image:height\" content=\"1772\" \/>\n\t<meta property=\"og:image:type\" content=\"image\/jpeg\" \/>\n<meta name=\"twitter:card\" content=\"summary_large_image\" \/>\n<meta name=\"twitter:label1\" content=\"Arvioitu lukuaika\" \/>\n\t<meta name=\"twitter:data1\" content=\"3 minuuttia\" \/>\n<script type=\"application\/ld+json\" class=\"yoast-schema-graph\">{\"@context\":\"https:\\\/\\\/schema.org\",\"@graph\":[{\"@type\":\"WebPage\",\"@id\":\"https:\\\/\\\/scentandsoul.fi\\\/?page_id=302\",\"url\":\"https:\\\/\\\/scentandsoul.fi\\\/?page_id=302\",\"name\":\"Scent Stories - Scent&amp;Soul 2026 \\\/ Lauantai - Saturday 21.3.2026\",\"isPartOf\":{\"@id\":\"https:\\\/\\\/scentandsoul.fi\\\/#website\"},\"primaryImageOfPage\":{\"@id\":\"https:\\\/\\\/scentandsoul.fi\\\/?page_id=302#primaryimage\"},\"image\":{\"@id\":\"https:\\\/\\\/scentandsoul.fi\\\/?page_id=302#primaryimage\"},\"thumbnailUrl\":\"https:\\\/\\\/scentandsoul.fi\\\/wp-content\\\/uploads\\\/2025\\\/11\\\/scent-and-soul_insta-10.jpg\",\"datePublished\":\"2025-11-04T09:21:44+00:00\",\"dateModified\":\"2026-03-09T07:28:43+00:00\",\"description\":\"Tuoksuja ja tarinoita! Tervetuloa kuuntelemaan br\u00e4ndiesittelyj\u00e4 ja tuoksuvaikuttajien tarinoita sek\u00e4 tutustumaan vintage-tuoksukokoelmaan.\",\"breadcrumb\":{\"@id\":\"https:\\\/\\\/scentandsoul.fi\\\/?page_id=302#breadcrumb\"},\"inLanguage\":\"fi\",\"potentialAction\":[{\"@type\":\"ReadAction\",\"target\":[\"https:\\\/\\\/scentandsoul.fi\\\/?page_id=302\"]}]},{\"@type\":\"ImageObject\",\"inLanguage\":\"fi\",\"@id\":\"https:\\\/\\\/scentandsoul.fi\\\/?page_id=302#primaryimage\",\"url\":\"https:\\\/\\\/scentandsoul.fi\\\/wp-content\\\/uploads\\\/2025\\\/11\\\/scent-and-soul_insta-10.jpg\",\"contentUrl\":\"https:\\\/\\\/scentandsoul.fi\\\/wp-content\\\/uploads\\\/2025\\\/11\\\/scent-and-soul_insta-10.jpg\",\"width\":1772,\"height\":1772},{\"@type\":\"BreadcrumbList\",\"@id\":\"https:\\\/\\\/scentandsoul.fi\\\/?page_id=302#breadcrumb\",\"itemListElement\":[{\"@type\":\"ListItem\",\"position\":1,\"name\":\"Etusivu\",\"item\":\"https:\\\/\\\/scentandsoul.fi\\\/\"},{\"@type\":\"ListItem\",\"position\":2,\"name\":\"Scent Stories\"}]},{\"@type\":\"WebSite\",\"@id\":\"https:\\\/\\\/scentandsoul.fi\\\/#website\",\"url\":\"https:\\\/\\\/scentandsoul.fi\\\/\",\"name\":\"Scent&amp;Soul 2026 \\\/ Lauantai - Saturday 21.3.2026\",\"description\":\"Tuoksutapahtuma H&ouml;gforsin ruukissa\",\"potentialAction\":[{\"@type\":\"SearchAction\",\"target\":{\"@type\":\"EntryPoint\",\"urlTemplate\":\"https:\\\/\\\/scentandsoul.fi\\\/?s={search_term_string}\"},\"query-input\":{\"@type\":\"PropertyValueSpecification\",\"valueRequired\":true,\"valueName\":\"search_term_string\"}}],\"inLanguage\":\"fi\"}]}<\/script>\n<!-- \/ Yoast SEO plugin. -->","yoast_head_json":{"title":"Scent Stories - Scent&amp;Soul 2026 \/ Lauantai - Saturday 21.3.2026","description":"Tuoksuja ja tarinoita! Tervetuloa kuuntelemaan br\u00e4ndiesittelyj\u00e4 ja tuoksuvaikuttajien tarinoita sek\u00e4 tutustumaan vintage-tuoksukokoelmaan.","robots":{"index":"index","follow":"follow","max-snippet":"max-snippet:-1","max-image-preview":"max-image-preview:large","max-video-preview":"max-video-preview:-1"},"canonical":"https:\/\/scentandsoul.fi\/?page_id=302","og_locale":"fi_FI","og_type":"article","og_title":"Scent Stories - Scent&amp;Soul 2026 \/ Lauantai - Saturday 21.3.2026","og_description":"Tuoksuja ja tarinoita! Tervetuloa kuuntelemaan br\u00e4ndiesittelyj\u00e4 ja tuoksuvaikuttajien tarinoita sek\u00e4 tutustumaan vintage-tuoksukokoelmaan.","og_url":"https:\/\/scentandsoul.fi\/?page_id=302","og_site_name":"Scent&amp;Soul 2026 \/ Lauantai - Saturday 21.3.2026","article_modified_time":"2026-03-09T07:28:43+00:00","og_image":[{"width":1772,"height":1772,"url":"https:\/\/scentandsoul.fi\/wp-content\/uploads\/2025\/11\/scent-and-soul_insta-10.jpg","type":"image\/jpeg"}],"twitter_card":"summary_large_image","twitter_misc":{"Arvioitu lukuaika":"3 minuuttia"},"schema":{"@context":"https:\/\/schema.org","@graph":[{"@type":"WebPage","@id":"https:\/\/scentandsoul.fi\/?page_id=302","url":"https:\/\/scentandsoul.fi\/?page_id=302","name":"Scent Stories - Scent&amp;Soul 2026 \/ Lauantai - Saturday 21.3.2026","isPartOf":{"@id":"https:\/\/scentandsoul.fi\/#website"},"primaryImageOfPage":{"@id":"https:\/\/scentandsoul.fi\/?page_id=302#primaryimage"},"image":{"@id":"https:\/\/scentandsoul.fi\/?page_id=302#primaryimage"},"thumbnailUrl":"https:\/\/scentandsoul.fi\/wp-content\/uploads\/2025\/11\/scent-and-soul_insta-10.jpg","datePublished":"2025-11-04T09:21:44+00:00","dateModified":"2026-03-09T07:28:43+00:00","description":"Tuoksuja ja tarinoita! Tervetuloa kuuntelemaan br\u00e4ndiesittelyj\u00e4 ja tuoksuvaikuttajien tarinoita sek\u00e4 tutustumaan vintage-tuoksukokoelmaan.","breadcrumb":{"@id":"https:\/\/scentandsoul.fi\/?page_id=302#breadcrumb"},"inLanguage":"fi","potentialAction":[{"@type":"ReadAction","target":["https:\/\/scentandsoul.fi\/?page_id=302"]}]},{"@type":"ImageObject","inLanguage":"fi","@id":"https:\/\/scentandsoul.fi\/?page_id=302#primaryimage","url":"https:\/\/scentandsoul.fi\/wp-content\/uploads\/2025\/11\/scent-and-soul_insta-10.jpg","contentUrl":"https:\/\/scentandsoul.fi\/wp-content\/uploads\/2025\/11\/scent-and-soul_insta-10.jpg","width":1772,"height":1772},{"@type":"BreadcrumbList","@id":"https:\/\/scentandsoul.fi\/?page_id=302#breadcrumb","itemListElement":[{"@type":"ListItem","position":1,"name":"Etusivu","item":"https:\/\/scentandsoul.fi\/"},{"@type":"ListItem","position":2,"name":"Scent Stories"}]},{"@type":"WebSite","@id":"https:\/\/scentandsoul.fi\/#website","url":"https:\/\/scentandsoul.fi\/","name":"Scent&amp;Soul 2026 \/ Lauantai - Saturday 21.3.2026","description":"Tuoksutapahtuma H&ouml;gforsin ruukissa","potentialAction":[{"@type":"SearchAction","target":{"@type":"EntryPoint","urlTemplate":"https:\/\/scentandsoul.fi\/?s={search_term_string}"},"query-input":{"@type":"PropertyValueSpecification","valueRequired":true,"valueName":"search_term_string"}}],"inLanguage":"fi"}]}},"_links":{"self":[{"href":"https:\/\/scentandsoul.fi\/index.php?rest_route=\/wp\/v2\/pages\/302","targetHints":{"allow":["GET"]}}],"collection":[{"href":"https:\/\/scentandsoul.fi\/index.php?rest_route=\/wp\/v2\/pages"}],"about":[{"href":"https:\/\/scentandsoul.fi\/index.php?rest_route=\/wp\/v2\/types\/page"}],"author":[{"embeddable":true,"href":"https:\/\/scentandsoul.fi\/index.php?rest_route=\/wp\/v2\/users\/2"}],"replies":[{"embeddable":true,"href":"https:\/\/scentandsoul.fi\/index.php?rest_route=%2Fwp%2Fv2%2Fcomments&post=302"}],"version-history":[{"count":13,"href":"https:\/\/scentandsoul.fi\/index.php?rest_route=\/wp\/v2\/pages\/302\/revisions"}],"predecessor-version":[{"id":700,"href":"https:\/\/scentandsoul.fi\/index.php?rest_route=\/wp\/v2\/pages\/302\/revisions\/700"}],"wp:attachment":[{"href":"https:\/\/scentandsoul.fi\/index.php?rest_route=%2Fwp%2Fv2%2Fmedia&parent=302"}],"curies":[{"name":"wp","href":"https:\/\/api.w.org\/{rel}","templated":true}]}}